{"version":"1.0","provider_name":"FlyersWELS - Raiffeisen Flyers Wels","provider_url":"https:\/\/www.flyerswels.at\/portal","title":"Das ist bitter: Saisonende f\u00fcr Erwin Zulic - FlyersWELS - Raiffeisen Flyers Wels","type":"rich","width":600,"height":338,"html":"<blockquote class=\"wp-embedded-content\" data-secret=\"uVCSKgtrUt\"><a href=\"https:\/\/www.flyerswels.at\/portal\/das-ist-bitter-saisonende-fuer-erwin-zulic\/\">Das ist bitter: Saisonende f\u00fcr Erwin Zulic<\/a><\/blockquote><iframe sandbox=\"allow-scripts\" security=\"restricted\" src=\"https:\/\/www.flyerswels.at\/portal\/das-ist-bitter-saisonende-fuer-erwin-zulic\/embed\/#?secret=uVCSKgtrUt\" width=\"600\" height=\"338\" title=\"&#8222;Das ist bitter: Saisonende f\u00fcr Erwin Zulic&#8220; &#8211; FlyersWELS - Raiffeisen Flyers Wels\" data-secret=\"uVCSKgtrUt\" frameborder=\"0\" marginwidth=\"0\" marginheight=\"0\" scrolling=\"no\" class=\"wp-embedded-content\"><\/iframe><script type=\"text\/javascript\">\n\/* <![CDATA[ *\/\n\/*! This file is auto-generated *\/\n!function(d,l){\"use strict\";l.querySelector&&d.addEventListener&&\"undefined\"!=typeof URL&&(d.wp=d.wp||{},d.wp.receiveEmbedMessage||(d.wp.receiveEmbedMessage=function(e){var t=e.data;if((t||t.secret||t.message||t.value)&&!\/[^a-zA-Z0-9]\/.test(t.secret)){for(var s,r,n,a=l.querySelectorAll('iframe[data-secret=\"'+t.secret+'\"]'),o=l.querySelectorAll('blockquote[data-secret=\"'+t.secret+'\"]'),c=new RegExp(\"^https?:$\",\"i\"),i=0;i<o.length;i++)o[i].style.display=\"none\";for(i=0;i<a.length;i++)s=a[i],e.source===s.contentWindow&&(s.removeAttribute(\"style\"),\"height\"===t.message?(1e3<(r=parseInt(t.value,10))?r=1e3:~~r<200&&(r=200),s.height=r):\"link\"===t.message&&(r=new URL(s.getAttribute(\"src\")),n=new URL(t.value),c.test(n.protocol))&&n.host===r.host&&l.activeElement===s&&(d.top.location.href=t.value))}},d.addEventListener(\"message\",d.wp.receiveEmbedMessage,!1),l.addEventListener(\"DOMContentLoaded\",function(){for(var e,t,s=l.querySelectorAll(\"iframe.wp-embedded-content\"),r=0;r<s.length;r++)(t=(e=s[r]).getAttribute(\"data-secret\"))||(t=Math.random().toString(36).substring(2,12),e.src+=\"#?secret=\"+t,e.setAttribute(\"data-secret\",t)),e.contentWindow.postMessage({message:\"ready\",secret:t},\"*\")},!1)))}(window,document);\n\/* ]]> *\/\n<\/script>\n","thumbnail_url":"https:\/\/www.flyerswels.at\/portal\/wp-content\/uploads\/2020\/10\/Basketball_Raiffeisen_Flyers_Wels_vs_Traiskirchen_Lions_41ZulicUWinter.jpg","thumbnail_width":1000,"thumbnail_height":668,"description":"Was sich in den letzten Wochen bereits abgezeichnet hat, ist leider Realit\u00e4t geworden. Erwin Zulic wird f\u00fcr die restliche Saison dem Team der Raiffeisen Flyers Wels nicht mehr zur Verf\u00fcgung stehen. Mehrere Untersuchungen haben ergeben, dass die H\u00fcftverletzung nur durch einen operativen Eingriff geheilt werden kann. Bei der Verletzung handelt es sich um einen Riss [&hellip;]"}